{"id":27,"date":"2025-04-16T23:23:10","date_gmt":"2025-04-17T02:23:10","guid":{"rendered":"https:\/\/escuelamanuelbelgrano.com.ar\/site\/?page_id=27"},"modified":"2026-03-17T12:13:46","modified_gmt":"2026-03-17T15:13:46","slug":"home","status":"publish","type":"page","link":"https:\/\/escuelamanuelbelgrano.com.ar\/site\/","title":{"rendered":"Home"},"content":{"rendered":"\t\t<div data-elementor-type=\"wp-page\" data-elementor-id=\"27\" class=\"elementor elementor-27\" data-elementor-post-type=\"page\">\n\t\t\t\t<div class=\"elementor-element elementor-element-34bc2fc e-flex e-con-boxed e-con e-parent\" data-id=\"34bc2fc\" data-element_type=\"container\" data-settings=\"{&quot;background_background&quot;:&quot;classic&quot;}\">\n\t\t\t\t\t<div class=\"e-con-inner\">\n\t\t<div class=\"elementor-element elementor-element-6898d04 e-con-full e-flex e-con e-child\" data-id=\"6898d04\" data-element_type=\"container\">\n\t\t\t\t<div class=\"elementor-element elementor-element-58e9b48 elementor-widget-mobile__width-inherit elementor-absolute elementor-widget elementor-widget-heading\" data-id=\"58e9b48\" data-element_type=\"widget\" data-settings=\"{&quot;_position&quot;:&quot;absolute&quot;}\" data-widget_type=\"heading.default\">\n\t\t\t\t<div class=\"elementor-widget-container\">\n\t\t\t\t\t<h2 class=\"elementor-heading-title elementor-size-default\">Tel\u00e9fono: 11-4738-2224   |    WhatsApp: 11-5737-6022\nEmail: info@colegiomanuelbelgrano.com<\/h2>\t\t\t\t<\/div>\n\t\t\t\t<\/div>\n\t\t\t\t<\/div>\n\t\t\t\t\t<\/div>\n\t\t\t\t<\/div>\n\t\t<div class=\"elementor-element elementor-element-31f504a e-con-full e-flex e-con e-parent\" data-id=\"31f504a\" data-element_type=\"container\" data-settings=\"{&quot;background_background&quot;:&quot;gradient&quot;,&quot;background_motion_fx_motion_fx_mouse&quot;:&quot;yes&quot;,&quot;background_motion_fx_mouseTrack_effect&quot;:&quot;yes&quot;,&quot;background_motion_fx_mouseTrack_direction&quot;:&quot;negative&quot;,&quot;background_motion_fx_mouseTrack_speed&quot;:{&quot;unit&quot;:&quot;px&quot;,&quot;size&quot;:1,&quot;sizes&quot;:[]}}\">\n\t\t<div class=\"elementor-element elementor-element-f2da70a e-flex e-con-boxed e-con e-child\" data-id=\"f2da70a\" data-element_type=\"container\" data-settings=\"{&quot;background_background&quot;:&quot;classic&quot;}\">\n\t\t\t\t\t<div class=\"e-con-inner\">\n\t\t\t\t<div class=\"elementor-element elementor-element-562d9b0 elementor-widget__width-inherit elementor--h-position-center elementor--v-position-middle elementor-arrows-position-inside elementor-pagination-position-inside elementor-widget elementor-widget-slides\" data-id=\"562d9b0\" data-element_type=\"widget\" data-settings=\"{&quot;transition&quot;:&quot;fade&quot;,&quot;transition_speed&quot;:5000,&quot;navigation&quot;:&quot;both&quot;,&quot;autoplay&quot;:&quot;yes&quot;,&quot;pause_on_hover&quot;:&quot;yes&quot;,&quot;pause_on_interaction&quot;:&quot;yes&quot;,&quot;autoplay_speed&quot;:5000}\" data-widget_type=\"slides.default\">\n\t\t\t\t<div class=\"elementor-widget-container\">\n\t\t\t\t\t\t\t\t\t<div class=\"elementor-swiper\">\n\t\t\t\t\t<div class=\"elementor-slides-wrapper elementor-main-swiper swiper\" role=\"region\" aria-roledescription=\"carousel\" aria-label=\"Slides\" dir=\"ltr\" data-animation=\"zoomIn\">\n\t\t\t\t<div class=\"swiper-wrapper elementor-slides\">\n\t\t\t\t\t\t\t\t\t\t<div class=\"elementor-repeater-item-72705da swiper-slide\" role=\"group\" aria-roledescription=\"slide\"><div class=\"swiper-slide-bg elementor-ken-burns elementor-ken-burns--in\" role=\"img\"><\/div><div class=\"elementor-background-overlay\"><\/div><a class=\"swiper-slide-inner\" href=\"https:\/\/escuelamanuelbelgrano.com.ar\/site\/vacantes\/\"><div class=\"swiper-slide-contents\"><h1 class=\"elementor-slide-heading\">NIVEL INICIAL<\/h1><h2 class=\"elementor-slide-description\">Aprender jugando<\/h2><div  class=\"elementor-button elementor-slide-button elementor-size-xs\">RESERVA DE VACANTES<\/div><\/div><\/a><\/div><div class=\"elementor-repeater-item-1ef7b51 swiper-slide\" role=\"group\" aria-roledescription=\"slide\"><div class=\"swiper-slide-bg elementor-ken-burns elementor-ken-burns--in\" role=\"img\"><\/div><div class=\"elementor-background-overlay\"><\/div><a class=\"swiper-slide-inner\" href=\"https:\/\/escuelamanuelbelgrano.com.ar\/site\/becas\/\" target=\"_blank\"><div class=\"swiper-slide-contents\"><h1 class=\"elementor-slide-heading\">BENEFICIOS<\/h1><h2 class=\"elementor-slide-description\">BECAS  Y BONIFICACIONES DEL 10% AL 100%<\/h2><div  class=\"elementor-button elementor-slide-button elementor-size-xs\">Condiciones clica aqui<\/div><\/div><\/a><\/div><div class=\"elementor-repeater-item-c199e6d swiper-slide\" role=\"group\" aria-roledescription=\"slide\"><div class=\"swiper-slide-bg elementor-ken-burns elementor-ken-burns--in\" role=\"img\"><\/div><div class=\"elementor-background-overlay\"><\/div><a class=\"swiper-slide-inner\" href=\"https:\/\/escuelamanuelbelgrano.com.ar\/site\/vacantes\/\"><div class=\"swiper-slide-contents\"><h1 class=\"elementor-slide-heading\">3 NIVELES<\/h1><h2 class=\"elementor-slide-description\">INICIAL, PRIMARIA Y SECUNDARIA<\/h2><div  class=\"elementor-button elementor-slide-button elementor-size-xs\">RESERVA DE VACANTES<\/div><\/div><\/a><\/div><div class=\"elementor-repeater-item-8b356b1 swiper-slide\" role=\"group\" aria-roledescription=\"slide\"><div class=\"swiper-slide-bg elementor-ken-burns elementor-ken-burns--in\" role=\"img\"><\/div><div class=\"elementor-background-overlay\"><\/div><a class=\"swiper-slide-inner\" href=\"https:\/\/escuelamanuelbelgrano.com.ar\/site\/vacantes\/\"><div class=\"swiper-slide-contents\"><h1 class=\"elementor-slide-heading\">ACTIVIDAD F\u00cdSICA<\/h1><div  class=\"elementor-button elementor-slide-button elementor-size-xs\">RESERVA DE VACANTES<\/div><\/div><\/a><\/div><div class=\"elementor-repeater-item-1c6544d swiper-slide\" role=\"group\" aria-roledescription=\"slide\"><div class=\"swiper-slide-bg elementor-ken-burns elementor-ken-burns--in\" role=\"img\"><\/div><div class=\"elementor-background-overlay\"><\/div><a class=\"swiper-slide-inner\" href=\"https:\/\/escuelamanuelbelgrano.com.ar\/site\/vacantes\/\"><div class=\"swiper-slide-contents\"><h1 class=\"elementor-slide-heading\">COLEGIO MANUEL BELGRANO<\/h1><div  class=\"elementor-button elementor-slide-button elementor-size-xs\">RESERVA DE VACANTES<\/div><\/div><\/a><\/div><div class=\"elementor-repeater-item-d8ea42c swiper-slide\" role=\"group\" aria-roledescription=\"slide\"><div class=\"swiper-slide-bg elementor-ken-burns elementor-ken-burns--in\" role=\"img\"><\/div><div class=\"elementor-background-overlay\"><\/div><div class=\"swiper-slide-inner\" ><div class=\"swiper-slide-contents\"><h1 class=\"elementor-slide-heading\">COMEDOR ESCOLAR<\/h1><div  class=\"elementor-button elementor-slide-button elementor-size-xs\">RESERVA DE VACANTES<\/div><\/div><\/div><\/div>\t\t\t\t<\/div>\n\t\t\t\t\t\t\t\t\t\t\t\t\t\t\t<div class=\"elementor-swiper-button elementor-swiper-button-prev\" role=\"button\" tabindex=\"0\" aria-label=\"Previous slide\">\n\t\t\t\t\t\t\t<svg aria-hidden=\"true\" class=\"e-font-icon-svg e-eicon-chevron-left\" viewBox=\"0 0 1000 1000\" xmlns=\"http:\/\/www.w3.org\/2000\/svg\"><path d=\"M646 125C629 125 613 133 604 142L308 442C296 454 292 471 292 487 292 504 296 521 308 533L604 854C617 867 629 875 646 875 663 875 679 871 692 858 704 846 713 829 713 812 713 796 708 779 692 767L438 487 692 225C700 217 708 204 708 187 708 171 704 154 692 142 675 129 663 125 646 125Z\"><\/path><\/svg>\t\t\t\t\t\t<\/div>\n\t\t\t\t\t\t<div class=\"elementor-swiper-button elementor-swiper-button-next\" role=\"button\" tabindex=\"0\" aria-label=\"Next slide\">\n\t\t\t\t\t\t\t<svg aria-hidden=\"true\" class=\"e-font-icon-svg e-eicon-chevron-right\" viewBox=\"0 0 1000 1000\" xmlns=\"http:\/\/www.w3.org\/2000\/svg\"><path d=\"M696 533C708 521 713 504 713 487 713 471 708 454 696 446L400 146C388 133 375 125 354 125 338 125 325 129 313 142 300 154 292 171 292 187 292 204 296 221 308 233L563 492 304 771C292 783 288 800 288 817 288 833 296 850 308 863 321 871 338 875 354 875 371 875 388 867 400 854L696 533Z\"><\/path><\/svg>\t\t\t\t\t\t<\/div>\n\t\t\t\t\t\t\t\t\t\t\t\t\t\t\t\t<div class=\"swiper-pagination\"><\/div>\n\t\t\t\t\t\t\t\t\t\t\t\t<\/div>\n\t\t\t\t<\/div>\n\t\t\t\t\t\t\t\t<\/div>\n\t\t\t\t<\/div>\n\t\t\t\t\t<\/div>\n\t\t\t\t<\/div>\n\t\t\t\t<\/div>\n\t\t<div class=\"elementor-element elementor-element-4167d04 e-con-full e-flex e-con e-parent\" data-id=\"4167d04\" data-element_type=\"container\">\n\t\t<div class=\"elementor-element elementor-element-d01171f e-con-full e-flex e-con e-child\" data-id=\"d01171f\" data-element_type=\"container\" data-settings=\"{&quot;background_background&quot;:&quot;classic&quot;}\">\n\t\t\t\t<div class=\"elementor-element elementor-element-423973a elementor-widget__width-inherit elementor-view-default elementor-widget elementor-widget-icon\" data-id=\"423973a\" data-element_type=\"widget\" data-widget_type=\"icon.default\">\n\t\t\t\t<div class=\"elementor-widget-container\">\n\t\t\t\t\t\t\t<div class=\"elementor-icon-wrapper\">\n\t\t\t<div class=\"elementor-icon\">\n\t\t\t<svg aria-hidden=\"true\" class=\"e-font-icon-svg e-fas-star\" viewBox=\"0 0 576 512\" xmlns=\"http:\/\/www.w3.org\/2000\/svg\"><path d=\"M259.3 17.8L194 150.2 47.9 171.5c-26.2 3.8-36.7 36.1-17.7 54.6l105.7 103-25 145.5c-4.5 26.3 23.2 46 46.4 33.7L288 439.6l130.7 68.7c23.2 12.2 50.9-7.4 46.4-33.7l-25-145.5 105.7-103c19-18.5 8.5-50.8-17.7-54.6L382 150.2 316.7 17.8c-11.7-23.6-45.6-23.9-57.4 0z\"><\/path><\/svg>\t\t\t<\/div>\n\t\t<\/div>\n\t\t\t\t\t\t<\/div>\n\t\t\t\t<\/div>\n\t\t\t\t<div class=\"elementor-element elementor-element-6edbeef elementor-widget elementor-widget-heading\" data-id=\"6edbeef\" data-element_type=\"widget\" data-widget_type=\"heading.default\">\n\t\t\t\t<div class=\"elementor-widget-container\">\n\t\t\t\t\t<h2 class=\"elementor-heading-title elementor-size-default\">Como llego?<br><\/h2>\t\t\t\t<\/div>\n\t\t\t\t<\/div>\n\t\t\t\t<div class=\"elementor-element elementor-element-e8074ef elementor-widget elementor-widget-button\" data-id=\"e8074ef\" data-element_type=\"widget\" data-widget_type=\"button.default\">\n\t\t\t\t<div class=\"elementor-widget-container\">\n\t\t\t\t\t\t\t\t\t<div class=\"elementor-button-wrapper\">\n\t\t\t\t\t<a class=\"elementor-button elementor-button-link elementor-size-sm\" href=\"https:\/\/escuelamanuelbelgrano.com.ar\/site\/contato\/#comollegar\">\n\t\t\t\t\t\t<span class=\"elementor-button-content-wrapper\">\n\t\t\t\t\t\t<span class=\"elementor-button-icon\">\n\t\t\t\t<svg aria-hidden=\"true\" class=\"e-font-icon-svg e-fas-map-marked\" viewBox=\"0 0 576 512\" xmlns=\"http:\/\/www.w3.org\/2000\/svg\"><path d=\"M288 0c-69.59 0-126 56.41-126 126 0 56.26 82.35 158.8 113.9 196.02 6.39 7.54 17.82 7.54 24.2 0C331.65 284.8 414 182.26 414 126 414 56.41 357.59 0 288 0zM20.12 215.95A32.006 32.006 0 0 0 0 245.66v250.32c0 11.32 11.43 19.06 21.94 14.86L160 448V214.92c-8.84-15.98-16.07-31.54-21.25-46.42L20.12 215.95zM288 359.67c-14.07 0-27.38-6.18-36.51-16.96-19.66-23.2-40.57-49.62-59.49-76.72v182l192 64V266c-18.92 27.09-39.82 53.52-59.49 76.72-9.13 10.77-22.44 16.95-36.51 16.95zm266.06-198.51L416 224v288l139.88-55.95A31.996 31.996 0 0 0 576 426.34V176.02c0-11.32-11.43-19.06-21.94-14.86z\"><\/path><\/svg>\t\t\t<\/span>\n\t\t\t\t\t\t\t\t\t<span class=\"elementor-button-text\">Haz clic aqu\u00ed<\/span>\n\t\t\t\t\t<\/span>\n\t\t\t\t\t<\/a>\n\t\t\t\t<\/div>\n\t\t\t\t\t\t\t\t<\/div>\n\t\t\t\t<\/div>\n\t\t\t\t<div class=\"elementor-element elementor-element-de97212 elementor-widget elementor-widget-text-editor\" data-id=\"de97212\" data-element_type=\"widget\" data-widget_type=\"text-editor.default\">\n\t\t\t\t<div class=\"elementor-widget-container\">\n\t\t\t\t\t\t\t\t\t<p>Lorem ipsum dolor sit amet, consectetur adipiscing elit. Ut elit tellus, luctus nec ullamcorper mattis, pulvinar dapibus leo.<\/p>\t\t\t\t\t\t\t\t<\/div>\n\t\t\t\t<\/div>\n\t\t\t\t<div class=\"elementor-element elementor-element-9bee2e0 elementor-widget elementor-widget-heading\" data-id=\"9bee2e0\" data-element_type=\"widget\" data-widget_type=\"heading.default\">\n\t\t\t\t<div class=\"elementor-widget-container\">\n\t\t\t\t\t<h2 class=\"elementor-heading-title elementor-size-default\">Como Pago?<\/h2>\t\t\t\t<\/div>\n\t\t\t\t<\/div>\n\t\t\t\t<div class=\"elementor-element elementor-element-c024919 elementor-widget elementor-widget-text-editor\" data-id=\"c024919\" data-element_type=\"widget\" data-widget_type=\"text-editor.default\">\n\t\t\t\t<div class=\"elementor-widget-container\">\n\t\t\t\t\t\t\t\t\t<p>Les informamos que las cuotas se abonan por transferencia bancaria o de manera personal en:<\/p>\t\t\t\t\t\t\t\t<\/div>\n\t\t\t\t<\/div>\n\t\t\t\t<div class=\"elementor-element elementor-element-98810b5 elementor-widget__width-initial elementor-widget elementor-widget-image\" data-id=\"98810b5\" data-element_type=\"widget\" data-widget_type=\"image.default\">\n\t\t\t\t<div class=\"elementor-widget-container\">\n\t\t\t\t\t\t\t\t\t\t\t\t\t\t\t<img fetchpriority=\"high\" decoding=\"async\" width=\"573\" height=\"463\" src=\"https:\/\/escuelamanuelbelgrano.com.ar\/site\/wp-content\/uploads\/2025\/05\/bbva.png\" class=\"attachment-1536x1536 size-1536x1536 wp-image-404\" alt=\"\" srcset=\"https:\/\/escuelamanuelbelgrano.com.ar\/site\/wp-content\/uploads\/2025\/05\/bbva.png 573w, https:\/\/escuelamanuelbelgrano.com.ar\/site\/wp-content\/uploads\/2025\/05\/bbva-300x242.png 300w\" sizes=\"(max-width: 573px) 100vw, 573px\" \/>\t\t\t\t\t\t\t\t\t\t\t\t\t\t\t<\/div>\n\t\t\t\t<\/div>\n\t\t\t\t<div class=\"elementor-element elementor-element-5e2d7e4 elementor-align-center elementor-mobile-align-center elementor-widget elementor-widget-button\" data-id=\"5e2d7e4\" data-element_type=\"widget\" data-widget_type=\"button.default\">\n\t\t\t\t<div class=\"elementor-widget-container\">\n\t\t\t\t\t\t\t\t\t<div class=\"elementor-button-wrapper\">\n\t\t\t\t\t<a class=\"elementor-button elementor-button-link elementor-size-sm\" href=\"#\">\n\t\t\t\t\t\t<span class=\"elementor-button-content-wrapper\">\n\t\t\t\t\t\t\t\t\t<span class=\"elementor-button-text\">saber mas<\/span>\n\t\t\t\t\t<\/span>\n\t\t\t\t\t<\/a>\n\t\t\t\t<\/div>\n\t\t\t\t\t\t\t\t<\/div>\n\t\t\t\t<\/div>\n\t\t\t\t<\/div>\n\t\t<div class=\"elementor-element elementor-element-76041d1 e-con-full e-flex e-con e-child\" data-id=\"76041d1\" data-element_type=\"container\" data-settings=\"{&quot;background_background&quot;:&quot;classic&quot;}\">\n\t\t\t\t<div class=\"elementor-element elementor-element-323dba3 elementor-widget__width-inherit elementor-view-default elementor-widget elementor-widget-icon\" data-id=\"323dba3\" data-element_type=\"widget\" data-widget_type=\"icon.default\">\n\t\t\t\t<div class=\"elementor-widget-container\">\n\t\t\t\t\t\t\t<div class=\"elementor-icon-wrapper\">\n\t\t\t<div class=\"elementor-icon\">\n\t\t\t<svg aria-hidden=\"true\" class=\"e-font-icon-svg e-fas-star\" viewBox=\"0 0 576 512\" xmlns=\"http:\/\/www.w3.org\/2000\/svg\"><path d=\"M259.3 17.8L194 150.2 47.9 171.5c-26.2 3.8-36.7 36.1-17.7 54.6l105.7 103-25 145.5c-4.5 26.3 23.2 46 46.4 33.7L288 439.6l130.7 68.7c23.2 12.2 50.9-7.4 46.4-33.7l-25-145.5 105.7-103c19-18.5 8.5-50.8-17.7-54.6L382 150.2 316.7 17.8c-11.7-23.6-45.6-23.9-57.4 0z\"><\/path><\/svg>\t\t\t<\/div>\n\t\t<\/div>\n\t\t\t\t\t\t<\/div>\n\t\t\t\t<\/div>\n\t\t\t\t<div class=\"elementor-element elementor-element-ad5d660 elementor-widget elementor-widget-heading\" data-id=\"ad5d660\" data-element_type=\"widget\" data-widget_type=\"heading.default\">\n\t\t\t\t<div class=\"elementor-widget-container\">\n\t\t\t\t\t<h2 class=\"elementor-heading-title elementor-size-default\">Uniformes<\/h2>\t\t\t\t<\/div>\n\t\t\t\t<\/div>\n\t\t\t\t<div class=\"elementor-element elementor-element-452073c elementor-widget elementor-widget-text-editor\" data-id=\"452073c\" data-element_type=\"widget\" data-widget_type=\"text-editor.default\">\n\t\t\t\t<div class=\"elementor-widget-container\">\n\t\t\t\t\t\t\t\t\t<p>YA EST\u00c1N DISPONIBLES LAS REMERAS\u00a0 y LAS CHOMBAS!\u00a0 La venta ser\u00e1\u00a0 exclusivamente en la escuela de 9:00 a 16:00 hs\u00a0<\/p><p><span style=\"color: var( --e-global-color-text ); font-family: var( --e-global-typography-text-font-family ), Sans-serif; font-size: var( --e-global-typography-text-font-size ); font-weight: var( --e-global-typography-text-font-weight ); text-align: var(--text-align);\">Los esperamos !\u00a0<\/span><\/p>\t\t\t\t\t\t\t\t<\/div>\n\t\t\t\t<\/div>\n\t\t\t\t<div class=\"elementor-element elementor-element-b6bc680 elementor-arrows-position-inside elementor-pagination-position-outside elementor-widget elementor-widget-image-carousel\" data-id=\"b6bc680\" data-element_type=\"widget\" data-settings=\"{&quot;image_spacing_custom&quot;:{&quot;unit&quot;:&quot;px&quot;,&quot;size&quot;:0,&quot;sizes&quot;:[]},&quot;navigation&quot;:&quot;both&quot;,&quot;autoplay&quot;:&quot;yes&quot;,&quot;pause_on_hover&quot;:&quot;yes&quot;,&quot;pause_on_interaction&quot;:&quot;yes&quot;,&quot;autoplay_speed&quot;:5000,&quot;infinite&quot;:&quot;yes&quot;,&quot;speed&quot;:500,&quot;image_spacing_custom_tablet&quot;:{&quot;unit&quot;:&quot;px&quot;,&quot;size&quot;:&quot;&quot;,&quot;sizes&quot;:[]},&quot;image_spacing_custom_mobile&quot;:{&quot;unit&quot;:&quot;px&quot;,&quot;size&quot;:&quot;&quot;,&quot;sizes&quot;:[]}}\" data-widget_type=\"image-carousel.default\">\n\t\t\t\t<div class=\"elementor-widget-container\">\n\t\t\t\t\t\t\t<div class=\"elementor-image-carousel-wrapper swiper\" role=\"region\" aria-roledescription=\"carousel\" aria-label=\"uniformes\" dir=\"ltr\">\n\t\t\t<div class=\"elementor-image-carousel swiper-wrapper\" aria-live=\"off\">\n\t\t\t\t\t\t\t\t<div class=\"swiper-slide\" role=\"group\" aria-roledescription=\"slide\" aria-label=\"1 de 7\"><figure class=\"swiper-slide-inner\"><img decoding=\"async\" class=\"swiper-slide-image\" src=\"https:\/\/escuelamanuelbelgrano.com.ar\/site\/wp-content\/uploads\/2026\/02\/WhatsApp-Image-2026-02-19-at-12.03.20-1-150x150.jpeg\" alt=\"WhatsApp Image 2026-02-19 at 12.03.20 (1)\" \/><\/figure><\/div><div class=\"swiper-slide\" role=\"group\" aria-roledescription=\"slide\" aria-label=\"2 de 7\"><figure class=\"swiper-slide-inner\"><img decoding=\"async\" class=\"swiper-slide-image\" src=\"https:\/\/escuelamanuelbelgrano.com.ar\/site\/wp-content\/uploads\/2026\/02\/WhatsApp-Image-2026-02-19-at-12.03.20-150x150.jpeg\" alt=\"WhatsApp Image 2026-02-19 at 12.03.20\" \/><\/figure><\/div><div class=\"swiper-slide\" role=\"group\" aria-roledescription=\"slide\" aria-label=\"3 de 7\"><figure class=\"swiper-slide-inner\"><img decoding=\"async\" class=\"swiper-slide-image\" src=\"https:\/\/escuelamanuelbelgrano.com.ar\/site\/wp-content\/uploads\/2026\/02\/WhatsApp-Image-2026-02-19-at-12.03.19-150x150.jpeg\" alt=\"WhatsApp Image 2026-02-19 at 12.03.19\" \/><\/figure><\/div><div class=\"swiper-slide\" role=\"group\" aria-roledescription=\"slide\" aria-label=\"4 de 7\"><figure class=\"swiper-slide-inner\"><img decoding=\"async\" class=\"swiper-slide-image\" src=\"https:\/\/escuelamanuelbelgrano.com.ar\/site\/wp-content\/uploads\/2026\/01\/WhatsApp-Image-2026-01-06-at-09.23.27-2-150x150.jpeg\" alt=\"WhatsApp Image 2026-01-06 at 09.23.27 (2)\" \/><\/figure><\/div><div class=\"swiper-slide\" role=\"group\" aria-roledescription=\"slide\" aria-label=\"5 de 7\"><figure class=\"swiper-slide-inner\"><img decoding=\"async\" class=\"swiper-slide-image\" src=\"https:\/\/escuelamanuelbelgrano.com.ar\/site\/wp-content\/uploads\/2026\/01\/WhatsApp-Image-2026-01-06-at-09.23.27-150x150.jpeg\" alt=\"WhatsApp Image 2026-01-06 at 09.23.27\" \/><\/figure><\/div><div class=\"swiper-slide\" role=\"group\" aria-roledescription=\"slide\" aria-label=\"6 de 7\"><figure class=\"swiper-slide-inner\"><img decoding=\"async\" class=\"swiper-slide-image\" src=\"https:\/\/escuelamanuelbelgrano.com.ar\/site\/wp-content\/uploads\/2026\/01\/WhatsApp-Image-2026-01-06-at-09.23.27-1-150x150.jpeg\" alt=\"WhatsApp Image 2026-01-06 at 09.23.27 (1)\" \/><\/figure><\/div><div class=\"swiper-slide\" role=\"group\" aria-roledescription=\"slide\" aria-label=\"7 de 7\"><figure class=\"swiper-slide-inner\"><img decoding=\"async\" class=\"swiper-slide-image\" src=\"https:\/\/escuelamanuelbelgrano.com.ar\/site\/wp-content\/uploads\/2026\/01\/WhatsApp-Image-2026-01-06-at-09.23.28-150x150.jpeg\" alt=\"WhatsApp Image 2026-01-06 at 09.23.28\" \/><\/figure><\/div>\t\t\t<\/div>\n\t\t\t\t\t\t\t\t\t\t\t\t<div class=\"elementor-swiper-button elementor-swiper-button-prev\" role=\"button\" tabindex=\"0\">\n\t\t\t\t\t\t<svg aria-hidden=\"true\" class=\"e-font-icon-svg e-eicon-chevron-left\" viewBox=\"0 0 1000 1000\" xmlns=\"http:\/\/www.w3.org\/2000\/svg\"><path d=\"M646 125C629 125 613 133 604 142L308 442C296 454 292 471 292 487 292 504 296 521 308 533L604 854C617 867 629 875 646 875 663 875 679 871 692 858 704 846 713 829 713 812 713 796 708 779 692 767L438 487 692 225C700 217 708 204 708 187 708 171 704 154 692 142 675 129 663 125 646 125Z\"><\/path><\/svg>\t\t\t\t\t<\/div>\n\t\t\t\t\t<div class=\"elementor-swiper-button elementor-swiper-button-next\" role=\"button\" tabindex=\"0\">\n\t\t\t\t\t\t<svg aria-hidden=\"true\" class=\"e-font-icon-svg e-eicon-chevron-right\" viewBox=\"0 0 1000 1000\" xmlns=\"http:\/\/www.w3.org\/2000\/svg\"><path d=\"M696 533C708 521 713 504 713 487 713 471 708 454 696 446L400 146C388 133 375 125 354 125 338 125 325 129 313 142 300 154 292 171 292 187 292 204 296 221 308 233L563 492 304 771C292 783 288 800 288 817 288 833 296 850 308 863 321 871 338 875 354 875 371 875 388 867 400 854L696 533Z\"><\/path><\/svg>\t\t\t\t\t<\/div>\n\t\t\t\t\n\t\t\t\t\t\t\t\t\t<div class=\"swiper-pagination\"><\/div>\n\t\t\t\t\t\t\t\t\t<\/div>\n\t\t\t\t\t\t<\/div>\n\t\t\t\t<\/div>\n\t\t\t\t<\/div>\n\t\t<div class=\"elementor-element elementor-element-0fcc775 e-con-full e-flex e-con e-child\" data-id=\"0fcc775\" data-element_type=\"container\" data-settings=\"{&quot;background_background&quot;:&quot;classic&quot;}\">\n\t\t\t\t<div class=\"elementor-element elementor-element-0b5f97a elementor-widget__width-inherit elementor-view-default elementor-widget elementor-widget-icon\" data-id=\"0b5f97a\" data-element_type=\"widget\" data-widget_type=\"icon.default\">\n\t\t\t\t<div class=\"elementor-widget-container\">\n\t\t\t\t\t\t\t<div class=\"elementor-icon-wrapper\">\n\t\t\t<div class=\"elementor-icon\">\n\t\t\t<svg aria-hidden=\"true\" class=\"e-font-icon-svg e-fas-star\" viewBox=\"0 0 576 512\" xmlns=\"http:\/\/www.w3.org\/2000\/svg\"><path d=\"M259.3 17.8L194 150.2 47.9 171.5c-26.2 3.8-36.7 36.1-17.7 54.6l105.7 103-25 145.5c-4.5 26.3 23.2 46 46.4 33.7L288 439.6l130.7 68.7c23.2 12.2 50.9-7.4 46.4-33.7l-25-145.5 105.7-103c19-18.5 8.5-50.8-17.7-54.6L382 150.2 316.7 17.8c-11.7-23.6-45.6-23.9-57.4 0z\"><\/path><\/svg>\t\t\t<\/div>\n\t\t<\/div>\n\t\t\t\t\t\t<\/div>\n\t\t\t\t<\/div>\n\t\t\t\t<div class=\"elementor-element elementor-element-0f63461 elementor-widget elementor-widget-heading\" data-id=\"0f63461\" data-element_type=\"widget\" data-widget_type=\"heading.default\">\n\t\t\t\t<div class=\"elementor-widget-container\">\n\t\t\t\t\t<h2 class=\"elementor-heading-title elementor-size-default\">Cont\u00e1ctanos<\/h2>\t\t\t\t<\/div>\n\t\t\t\t<\/div>\n\t\t\t\t<div class=\"elementor-element elementor-element-371e946 elementor-widget elementor-widget-text-editor\" data-id=\"371e946\" data-element_type=\"widget\" data-widget_type=\"text-editor.default\">\n\t\t\t\t<div class=\"elementor-widget-container\">\n\t\t\t\t\t\t\t\t\t<header class=\"entry-header\"><p class=\"entry-title\"><span style=\"font-size: 16px;\">Estimadas familias: para cualquier consulta deben comunicarse via mail, contestaremos a la brevedad.<\/span><\/p><\/header><div class=\"entry-content\"><p><strong>Consultas Pedag\u00f3gicas<\/strong><\/p><p><strong>Nivel Inicial:<\/strong><\/p><p><a href=\"mailto:jardin@colegiomanuelbelgrano.com.ar\">jardin@colegiomanuelbelgrano.com.ar<\/a><\/p><p><strong>Nivel Primario:<\/strong> <a href=\"mailto:primaria@colegiomanuelbelgrano.com.ar\">primaria@colegiomanuelbelgrano.com.ar<\/a><\/p><p><strong>Nivel Secundario:<\/strong> <a href=\"mailto:secundaria@colegiomanuelbelgrano.com.ar\">secundaria@colegiomanuelbelgrano.com.ar<\/a><\/p><p><strong>Consultas Administrativas<\/strong><\/p><p><a href=\"mailto:Cuotas@colegiomanuelbelgrano.com.ar\">Cuotasmb2025@gmail.com<\/a><\/p><p><a href=\"mailto:administracion@colegiomanuelbelgrano.com.ar\">administracion@colegiomanuelbelgrano.com.ar<\/a><\/p><p><strong>Tambi\u00e9n contamos con <\/strong>WhatsApp: <a href=\"https:\/\/wa.me\/5491157376022\">1557376022<\/a><\/p><\/div>\t\t\t\t\t\t\t\t<\/div>\n\t\t\t\t<\/div>\n\t\t\t\t<\/div>\n\t\t\t\t<\/div>\n\t\t<div class=\"elementor-element elementor-element-eba0464 e-flex e-con-boxed e-con e-parent\" data-id=\"eba0464\" data-element_type=\"container\">\n\t\t\t\t\t<div class=\"e-con-inner\">\n\t\t\t\t<div class=\"elementor-element elementor-element-f39e231 elementor-widget elementor-widget-heading\" data-id=\"f39e231\" data-element_type=\"widget\" data-widget_type=\"heading.default\">\n\t\t\t\t<div class=\"elementor-widget-container\">\n\t\t\t\t\t<h2 class=\"elementor-heading-title elementor-size-default\">Noticias<\/h2>\t\t\t\t<\/div>\n\t\t\t\t<\/div>\n\t\t<div class=\"elementor-element elementor-element-7966dcc e-grid e-con-full e-con e-child\" data-id=\"7966dcc\" data-element_type=\"container\">\n\t\t\t\t<div class=\"elementor-element elementor-element-85d4336 elementor-posts--align-left elementor-grid-3 elementor-grid-tablet-2 elementor-grid-mobile-1 elementor-posts--thumbnail-top elementor-card-shadow-yes elementor-posts__hover-gradient elementor-widget elementor-widget-posts\" data-id=\"85d4336\" data-element_type=\"widget\" data-settings=\"{&quot;cards_row_gap&quot;:{&quot;unit&quot;:&quot;px&quot;,&quot;size&quot;:30,&quot;sizes&quot;:[]},&quot;cards_columns&quot;:&quot;3&quot;,&quot;cards_columns_tablet&quot;:&quot;2&quot;,&quot;cards_columns_mobile&quot;:&quot;1&quot;,&quot;cards_row_gap_tablet&quot;:{&quot;unit&quot;:&quot;px&quot;,&quot;size&quot;:&quot;&quot;,&quot;sizes&quot;:[]},&quot;cards_row_gap_mobile&quot;:{&quot;unit&quot;:&quot;px&quot;,&quot;size&quot;:&quot;&quot;,&quot;sizes&quot;:[]}}\" data-widget_type=\"posts.cards\">\n\t\t\t\t<div class=\"elementor-widget-container\">\n\t\t\t\t\t\t\t<div class=\"elementor-posts-container elementor-posts elementor-posts--skin-cards elementor-grid\">\n\t\t\t\t<article class=\"elementor-post elementor-grid-item post-1233 post type-post status-publish format-standard has-post-thumbnail hentry category-sin-categoria\">\n\t\t\t<div class=\"elementor-post__card\">\n\t\t\t\t<a class=\"elementor-post__thumbnail__link\" href=\"https:\/\/escuelamanuelbelgrano.com.ar\/site\/comunicado-a-las-familias\/\" tabindex=\"-1\" ><div class=\"elementor-post__thumbnail\"><img decoding=\"async\" width=\"300\" height=\"300\" src=\"https:\/\/escuelamanuelbelgrano.com.ar\/site\/wp-content\/uploads\/2025\/04\/comunicado2-300x300.png\" class=\"attachment-medium size-medium wp-image-171\" alt=\"\" srcset=\"https:\/\/escuelamanuelbelgrano.com.ar\/site\/wp-content\/uploads\/2025\/04\/comunicado2-300x300.png 300w, https:\/\/escuelamanuelbelgrano.com.ar\/site\/wp-content\/uploads\/2025\/04\/comunicado2-150x150.png 150w, https:\/\/escuelamanuelbelgrano.com.ar\/site\/wp-content\/uploads\/2025\/04\/comunicado2-768x768.png 768w, https:\/\/escuelamanuelbelgrano.com.ar\/site\/wp-content\/uploads\/2025\/04\/comunicado2.png 1024w\" sizes=\"(max-width: 300px) 100vw, 300px\" \/><\/div><\/a>\n\t\t\t\t<div class=\"elementor-post__badge\">Sin categor\u00eda<\/div>\n\t\t\t\t<div class=\"elementor-post__text\">\n\t\t\t\t<h3 class=\"elementor-post__title\">\n\t\t\t<a href=\"https:\/\/escuelamanuelbelgrano.com.ar\/site\/comunicado-a-las-familias\/\" >\n\t\t\t\tComunicado a las familias\t\t\t<\/a>\n\t\t<\/h3>\n\t\t\t\t<div class=\"elementor-post__excerpt\">\n\t\t\t<p>Villa Ballester, 22 de abril de 2026 Estimadas familias: Nos dirigimos a ustedes a fin de informarles que, en el d\u00eda de la fecha, se encontr\u00f3 en uno de los ba\u00f1os de la instituci\u00f3n la palabra \u201ctiroteo\u201d escrita. De manera inmediata, y siguiendo los protocolos vigentes establecidos por las autoridades<\/p>\n\t\t<\/div>\n\t\t\n\t\t<a class=\"elementor-post__read-more\" href=\"https:\/\/escuelamanuelbelgrano.com.ar\/site\/comunicado-a-las-familias\/\" aria-label=\"Read more about Comunicado a las familias\" tabindex=\"-1\" >\n\t\t\tLeer mas\u00bb\t\t<\/a>\n\n\t\t\t\t<\/div>\n\t\t\t\t<div class=\"elementor-post__meta-data\">\n\t\t\t\t\t<span class=\"elementor-post-date\">\n\t\t\t22\/04\/2026\t\t<\/span>\n\t\t\t\t<span class=\"elementor-post-avatar\">\n\t\t\tNo hay comentarios\t\t<\/span>\n\t\t\t\t<\/div>\n\t\t\t\t\t<\/div>\n\t\t<\/article>\n\t\t\t\t<article class=\"elementor-post elementor-grid-item post-1200 post type-post status-publish format-standard has-post-thumbnail hentry category-primaria\">\n\t\t\t<div class=\"elementor-post__card\">\n\t\t\t\t<a class=\"elementor-post__thumbnail__link\" href=\"https:\/\/escuelamanuelbelgrano.com.ar\/site\/reuniones-informativas-de-los-talleres-extracurriculares\/\" tabindex=\"-1\" ><div class=\"elementor-post__thumbnail\"><img decoding=\"async\" width=\"300\" height=\"300\" src=\"https:\/\/escuelamanuelbelgrano.com.ar\/site\/wp-content\/uploads\/2025\/04\/comunicado2-300x300.png\" class=\"attachment-medium size-medium wp-image-171\" alt=\"\" srcset=\"https:\/\/escuelamanuelbelgrano.com.ar\/site\/wp-content\/uploads\/2025\/04\/comunicado2-300x300.png 300w, https:\/\/escuelamanuelbelgrano.com.ar\/site\/wp-content\/uploads\/2025\/04\/comunicado2-150x150.png 150w, https:\/\/escuelamanuelbelgrano.com.ar\/site\/wp-content\/uploads\/2025\/04\/comunicado2-768x768.png 768w, https:\/\/escuelamanuelbelgrano.com.ar\/site\/wp-content\/uploads\/2025\/04\/comunicado2.png 1024w\" sizes=\"(max-width: 300px) 100vw, 300px\" \/><\/div><\/a>\n\t\t\t\t<div class=\"elementor-post__badge\">Primaria<\/div>\n\t\t\t\t<div class=\"elementor-post__text\">\n\t\t\t\t<h3 class=\"elementor-post__title\">\n\t\t\t<a href=\"https:\/\/escuelamanuelbelgrano.com.ar\/site\/reuniones-informativas-de-los-talleres-extracurriculares\/\" >\n\t\t\t\tReuniones informativas de los talleres extracurriculares.\t\t\t<\/a>\n\t\t<\/h3>\n\t\t\t\t<div class=\"elementor-post__excerpt\">\n\t\t\t<p>Jueves 26 a las 11 hs, para los grados del turno ma\u00f1ana. Jueves 26 a las 13.10 para los grados del turno tarde<\/p>\n\t\t<\/div>\n\t\t\n\t\t<a class=\"elementor-post__read-more\" href=\"https:\/\/escuelamanuelbelgrano.com.ar\/site\/reuniones-informativas-de-los-talleres-extracurriculares\/\" aria-label=\"Read more about Reuniones informativas de los talleres extracurriculares.\" tabindex=\"-1\" >\n\t\t\tLeer mas\u00bb\t\t<\/a>\n\n\t\t\t\t<\/div>\n\t\t\t\t<div class=\"elementor-post__meta-data\">\n\t\t\t\t\t<span class=\"elementor-post-date\">\n\t\t\t17\/03\/2026\t\t<\/span>\n\t\t\t\t<span class=\"elementor-post-avatar\">\n\t\t\tNo hay comentarios\t\t<\/span>\n\t\t\t\t<\/div>\n\t\t\t\t\t<\/div>\n\t\t<\/article>\n\t\t\t\t<article class=\"elementor-post elementor-grid-item post-1173 post type-post status-publish format-standard has-post-thumbnail hentry category-sin-categoria\">\n\t\t\t<div class=\"elementor-post__card\">\n\t\t\t\t<a class=\"elementor-post__thumbnail__link\" href=\"https:\/\/escuelamanuelbelgrano.com.ar\/site\/apto-fisico\/\" tabindex=\"-1\" ><div class=\"elementor-post__thumbnail\"><img decoding=\"async\" width=\"300\" height=\"300\" src=\"https:\/\/escuelamanuelbelgrano.com.ar\/site\/wp-content\/uploads\/2026\/03\/Gemini_Generated_Image_3ve4wh3ve4wh3ve4-300x300.png\" class=\"attachment-medium size-medium wp-image-1174\" alt=\"\" srcset=\"https:\/\/escuelamanuelbelgrano.com.ar\/site\/wp-content\/uploads\/2026\/03\/Gemini_Generated_Image_3ve4wh3ve4wh3ve4-300x300.png 300w, https:\/\/escuelamanuelbelgrano.com.ar\/site\/wp-content\/uploads\/2026\/03\/Gemini_Generated_Image_3ve4wh3ve4wh3ve4-150x150.png 150w, https:\/\/escuelamanuelbelgrano.com.ar\/site\/wp-content\/uploads\/2026\/03\/Gemini_Generated_Image_3ve4wh3ve4wh3ve4-768x768.png 768w, https:\/\/escuelamanuelbelgrano.com.ar\/site\/wp-content\/uploads\/2026\/03\/Gemini_Generated_Image_3ve4wh3ve4wh3ve4.png 1024w\" sizes=\"(max-width: 300px) 100vw, 300px\" \/><\/div><\/a>\n\t\t\t\t<div class=\"elementor-post__badge\">Sin categor\u00eda<\/div>\n\t\t\t\t<div class=\"elementor-post__text\">\n\t\t\t\t<h3 class=\"elementor-post__title\">\n\t\t\t<a href=\"https:\/\/escuelamanuelbelgrano.com.ar\/site\/apto-fisico\/\" >\n\t\t\t\tApto F\u00edsico\t\t\t<\/a>\n\t\t<\/h3>\n\t\t\t\t<div class=\"elementor-post__excerpt\">\n\t\t\t<p>Sres. Padres: Por seguridad y tranquilidad para sus hijos y ustedes,&nbsp;en nuestro colegio solicitamos que los alumnos presenten el certificado m\u00e9dico que los autoriza a realizar actividades deportivas recreativas no competitivas.-&nbsp;&nbsp;&nbsp;&nbsp;&nbsp;&nbsp;&nbsp;&nbsp;&nbsp;&nbsp; Dicho certificado m\u00e9dico&nbsp;deber\u00e1 estar en el Colegio&nbsp;antes del 1 de abril, el cual&nbsp;podr\u00e1n traerlo Uds. de su m\u00e9dico de<\/p>\n\t\t<\/div>\n\t\t\n\t\t<a class=\"elementor-post__read-more\" href=\"https:\/\/escuelamanuelbelgrano.com.ar\/site\/apto-fisico\/\" aria-label=\"Read more about Apto F\u00edsico\" tabindex=\"-1\" >\n\t\t\tLeer mas\u00bb\t\t<\/a>\n\n\t\t\t\t<\/div>\n\t\t\t\t<div class=\"elementor-post__meta-data\">\n\t\t\t\t\t<span class=\"elementor-post-date\">\n\t\t\t04\/03\/2026\t\t<\/span>\n\t\t\t\t<span class=\"elementor-post-avatar\">\n\t\t\tNo hay comentarios\t\t<\/span>\n\t\t\t\t<\/div>\n\t\t\t\t\t<\/div>\n\t\t<\/article>\n\t\t\t\t<article class=\"elementor-post elementor-grid-item post-1154 post type-post status-publish format-standard has-post-thumbnail hentry category-inicial category-primaria\">\n\t\t\t<div class=\"elementor-post__card\">\n\t\t\t\t<a class=\"elementor-post__thumbnail__link\" href=\"https:\/\/escuelamanuelbelgrano.com.ar\/site\/ganadores-de-la-bonificacion\/\" tabindex=\"-1\" ><div class=\"elementor-post__thumbnail\"><img loading=\"lazy\" decoding=\"async\" width=\"300\" height=\"300\" src=\"https:\/\/escuelamanuelbelgrano.com.ar\/site\/wp-content\/uploads\/2026\/03\/Gemini_Generated_Image_qicxlhqicxlhqicx-300x300.png\" class=\"attachment-medium size-medium wp-image-1165\" alt=\"\" srcset=\"https:\/\/escuelamanuelbelgrano.com.ar\/site\/wp-content\/uploads\/2026\/03\/Gemini_Generated_Image_qicxlhqicxlhqicx-300x300.png 300w, https:\/\/escuelamanuelbelgrano.com.ar\/site\/wp-content\/uploads\/2026\/03\/Gemini_Generated_Image_qicxlhqicxlhqicx-150x150.png 150w, https:\/\/escuelamanuelbelgrano.com.ar\/site\/wp-content\/uploads\/2026\/03\/Gemini_Generated_Image_qicxlhqicxlhqicx-768x768.png 768w, https:\/\/escuelamanuelbelgrano.com.ar\/site\/wp-content\/uploads\/2026\/03\/Gemini_Generated_Image_qicxlhqicxlhqicx.png 1024w\" sizes=\"(max-width: 300px) 100vw, 300px\" \/><\/div><\/a>\n\t\t\t\t<div class=\"elementor-post__badge\">Inicial<\/div>\n\t\t\t\t<div class=\"elementor-post__text\">\n\t\t\t\t<h3 class=\"elementor-post__title\">\n\t\t\t<a href=\"https:\/\/escuelamanuelbelgrano.com.ar\/site\/ganadores-de-la-bonificacion\/\" >\n\t\t\t\tGanadores de la Bonificaci\u00f3n\t\t\t<\/a>\n\t\t<\/h3>\n\t\t\t\t<div class=\"elementor-post__excerpt\">\n\t\t\t<p>Silva Keyla 3A Inicial Portilla Sol 5A Primaria Gomez Luna 3B Inicial Minuet Leon 5B Primaria Arroyo Zoe 5A Secundaria<\/p>\n\t\t<\/div>\n\t\t\n\t\t<a class=\"elementor-post__read-more\" href=\"https:\/\/escuelamanuelbelgrano.com.ar\/site\/ganadores-de-la-bonificacion\/\" aria-label=\"Read more about Ganadores de la Bonificaci\u00f3n\" tabindex=\"-1\" >\n\t\t\tLeer mas\u00bb\t\t<\/a>\n\n\t\t\t\t<\/div>\n\t\t\t\t<div class=\"elementor-post__meta-data\">\n\t\t\t\t\t<span class=\"elementor-post-date\">\n\t\t\t02\/03\/2026\t\t<\/span>\n\t\t\t\t<span class=\"elementor-post-avatar\">\n\t\t\tNo hay comentarios\t\t<\/span>\n\t\t\t\t<\/div>\n\t\t\t\t\t<\/div>\n\t\t<\/article>\n\t\t\t\t<article class=\"elementor-post elementor-grid-item post-1054 post type-post status-publish format-standard has-post-thumbnail hentry category-inicial\">\n\t\t\t<div class=\"elementor-post__card\">\n\t\t\t\t<a class=\"elementor-post__thumbnail__link\" href=\"https:\/\/escuelamanuelbelgrano.com.ar\/site\/reunion-de-padres-nivel-inicial\/\" tabindex=\"-1\" ><div class=\"elementor-post__thumbnail\"><img decoding=\"async\" width=\"300\" height=\"300\" src=\"https:\/\/escuelamanuelbelgrano.com.ar\/site\/wp-content\/uploads\/2025\/04\/comunicado2-300x300.png\" class=\"attachment-medium size-medium wp-image-171\" alt=\"\" srcset=\"https:\/\/escuelamanuelbelgrano.com.ar\/site\/wp-content\/uploads\/2025\/04\/comunicado2-300x300.png 300w, https:\/\/escuelamanuelbelgrano.com.ar\/site\/wp-content\/uploads\/2025\/04\/comunicado2-150x150.png 150w, https:\/\/escuelamanuelbelgrano.com.ar\/site\/wp-content\/uploads\/2025\/04\/comunicado2-768x768.png 768w, https:\/\/escuelamanuelbelgrano.com.ar\/site\/wp-content\/uploads\/2025\/04\/comunicado2.png 1024w\" sizes=\"(max-width: 300px) 100vw, 300px\" \/><\/div><\/a>\n\t\t\t\t<div class=\"elementor-post__badge\">Inicial<\/div>\n\t\t\t\t<div class=\"elementor-post__text\">\n\t\t\t\t<h3 class=\"elementor-post__title\">\n\t\t\t<a href=\"https:\/\/escuelamanuelbelgrano.com.ar\/site\/reunion-de-padres-nivel-inicial\/\" >\n\t\t\t\tReuni\u00f3n de Padres Nivel Inicial\t\t\t<\/a>\n\t\t<\/h3>\n\t\t\t\t<div class=\"elementor-post__excerpt\">\n\t\t\t<p>20\/2-13 hs. Sala Roja Turno tarde y doble jornada 20\/2-14 hs. Sala Celeste Multiedad Turno tarde y doble jornada 23\/2- 9hs. Sala Roja Turno ma\u00f1ana 23\/2-10hs. Sala Celeste Multiedad Turno ma\u00f1ana 25\/2-9hs. Sala Verde Maternal Los esperamos!<\/p>\n\t\t<\/div>\n\t\t\n\t\t<a class=\"elementor-post__read-more\" href=\"https:\/\/escuelamanuelbelgrano.com.ar\/site\/reunion-de-padres-nivel-inicial\/\" aria-label=\"Read more about Reuni\u00f3n de Padres Nivel Inicial\" tabindex=\"-1\" >\n\t\t\tLeer mas\u00bb\t\t<\/a>\n\n\t\t\t\t<\/div>\n\t\t\t\t<div class=\"elementor-post__meta-data\">\n\t\t\t\t\t<span class=\"elementor-post-date\">\n\t\t\t12\/02\/2026\t\t<\/span>\n\t\t\t\t<span class=\"elementor-post-avatar\">\n\t\t\tNo hay comentarios\t\t<\/span>\n\t\t\t\t<\/div>\n\t\t\t\t\t<\/div>\n\t\t<\/article>\n\t\t\t\t<article class=\"elementor-post elementor-grid-item post-1050 post type-post status-publish format-standard has-post-thumbnail hentry category-secundaria\">\n\t\t\t<div class=\"elementor-post__card\">\n\t\t\t\t<a class=\"elementor-post__thumbnail__link\" href=\"https:\/\/escuelamanuelbelgrano.com.ar\/site\/vuelta-al-cole-nivel-secundario\/\" tabindex=\"-1\" ><div class=\"elementor-post__thumbnail\"><img loading=\"lazy\" decoding=\"async\" width=\"300\" height=\"300\" src=\"https:\/\/escuelamanuelbelgrano.com.ar\/site\/wp-content\/uploads\/2026\/02\/Gemini_Generated_Image_8dqpcr8dqpcr8dqp-300x300.png\" class=\"attachment-medium size-medium wp-image-1052\" alt=\"\" srcset=\"https:\/\/escuelamanuelbelgrano.com.ar\/site\/wp-content\/uploads\/2026\/02\/Gemini_Generated_Image_8dqpcr8dqpcr8dqp-300x300.png 300w, https:\/\/escuelamanuelbelgrano.com.ar\/site\/wp-content\/uploads\/2026\/02\/Gemini_Generated_Image_8dqpcr8dqpcr8dqp-150x150.png 150w, https:\/\/escuelamanuelbelgrano.com.ar\/site\/wp-content\/uploads\/2026\/02\/Gemini_Generated_Image_8dqpcr8dqpcr8dqp-768x768.png 768w, https:\/\/escuelamanuelbelgrano.com.ar\/site\/wp-content\/uploads\/2026\/02\/Gemini_Generated_Image_8dqpcr8dqpcr8dqp.png 1024w\" sizes=\"(max-width: 300px) 100vw, 300px\" \/><\/div><\/a>\n\t\t\t\t<div class=\"elementor-post__badge\">Secundaria<\/div>\n\t\t\t\t<div class=\"elementor-post__text\">\n\t\t\t\t<h3 class=\"elementor-post__title\">\n\t\t\t<a href=\"https:\/\/escuelamanuelbelgrano.com.ar\/site\/vuelta-al-cole-nivel-secundario\/\" >\n\t\t\t\tVuelta al cole- Nivel Secundario\t\t\t<\/a>\n\t\t<\/h3>\n\t\t\t\t<div class=\"elementor-post__excerpt\">\n\t\t\t<p>1ER A\u00d1O COMIENZA EL 2 DE MARZO DE 2DO A 6TO COMIENZAN EL 9 DE MARZO<\/p>\n\t\t<\/div>\n\t\t\n\t\t<a class=\"elementor-post__read-more\" href=\"https:\/\/escuelamanuelbelgrano.com.ar\/site\/vuelta-al-cole-nivel-secundario\/\" aria-label=\"Read more about Vuelta al cole- Nivel Secundario\" tabindex=\"-1\" >\n\t\t\tLeer mas\u00bb\t\t<\/a>\n\n\t\t\t\t<\/div>\n\t\t\t\t<div class=\"elementor-post__meta-data\">\n\t\t\t\t\t<span class=\"elementor-post-date\">\n\t\t\t12\/02\/2026\t\t<\/span>\n\t\t\t\t<span class=\"elementor-post-avatar\">\n\t\t\tNo hay comentarios\t\t<\/span>\n\t\t\t\t<\/div>\n\t\t\t\t\t<\/div>\n\t\t<\/article>\n\t\t\t\t<article class=\"elementor-post elementor-grid-item post-1039 post type-post status-publish format-standard has-post-thumbnail hentry category-secundaria\">\n\t\t\t<div class=\"elementor-post__card\">\n\t\t\t\t<a class=\"elementor-post__thumbnail__link\" href=\"https:\/\/escuelamanuelbelgrano.com.ar\/site\/periodo-de-intensificacion-nivel-secundario\/\" tabindex=\"-1\" ><div class=\"elementor-post__thumbnail\"><img loading=\"lazy\" decoding=\"async\" width=\"300\" height=\"169\" src=\"https:\/\/escuelamanuelbelgrano.com.ar\/site\/wp-content\/uploads\/2025\/05\/1-300x169.png\" class=\"attachment-medium size-medium wp-image-352\" alt=\"\" srcset=\"https:\/\/escuelamanuelbelgrano.com.ar\/site\/wp-content\/uploads\/2025\/05\/1-300x169.png 300w, https:\/\/escuelamanuelbelgrano.com.ar\/site\/wp-content\/uploads\/2025\/05\/1-1024x576.png 1024w, https:\/\/escuelamanuelbelgrano.com.ar\/site\/wp-content\/uploads\/2025\/05\/1-768x432.png 768w, https:\/\/escuelamanuelbelgrano.com.ar\/site\/wp-content\/uploads\/2025\/05\/1-1536x864.png 1536w, https:\/\/escuelamanuelbelgrano.com.ar\/site\/wp-content\/uploads\/2025\/05\/1.png 1920w\" sizes=\"(max-width: 300px) 100vw, 300px\" \/><\/div><\/a>\n\t\t\t\t<div class=\"elementor-post__badge\">Secundaria<\/div>\n\t\t\t\t<div class=\"elementor-post__text\">\n\t\t\t\t<h3 class=\"elementor-post__title\">\n\t\t\t<a href=\"https:\/\/escuelamanuelbelgrano.com.ar\/site\/periodo-de-intensificacion-nivel-secundario\/\" >\n\t\t\t\tPeriodo de intensificaci\u00f3n NIVEL SECUNDARIO\t\t\t<\/a>\n\t\t<\/h3>\n\t\t\t\t<div class=\"elementor-post__excerpt\">\n\t\t\t<p>Del 18\/02\/2026 hasta el 03\/03\/2026 en los d\u00edas y horario de cada materia Para periodo de intensificaci\u00f3n CONCURRIR CON UNIFORME Y CUADERNO DE COMUNICADOS. Los alumnos NO PUEDEN RETIRARSE SOLOS , deben hacerlo con adulto AUTORIZADO o en su horario habitual de 11.50 o 12.50<\/p>\n\t\t<\/div>\n\t\t\n\t\t<a class=\"elementor-post__read-more\" href=\"https:\/\/escuelamanuelbelgrano.com.ar\/site\/periodo-de-intensificacion-nivel-secundario\/\" aria-label=\"Read more about Periodo de intensificaci\u00f3n NIVEL SECUNDARIO\" tabindex=\"-1\" >\n\t\t\tLeer mas\u00bb\t\t<\/a>\n\n\t\t\t\t<\/div>\n\t\t\t\t<div class=\"elementor-post__meta-data\">\n\t\t\t\t\t<span class=\"elementor-post-date\">\n\t\t\t10\/02\/2026\t\t<\/span>\n\t\t\t\t<span class=\"elementor-post-avatar\">\n\t\t\tNo hay comentarios\t\t<\/span>\n\t\t\t\t<\/div>\n\t\t\t\t\t<\/div>\n\t\t<\/article>\n\t\t\t\t<article class=\"elementor-post elementor-grid-item post-1033 post type-post status-publish format-standard has-post-thumbnail hentry category-primaria\">\n\t\t\t<div class=\"elementor-post__card\">\n\t\t\t\t<a class=\"elementor-post__thumbnail__link\" href=\"https:\/\/escuelamanuelbelgrano.com.ar\/site\/comienzo-del-periodo-de-intensificacion-de-aprendizajes\/\" tabindex=\"-1\" ><div class=\"elementor-post__thumbnail\"><img loading=\"lazy\" decoding=\"async\" width=\"300\" height=\"169\" src=\"https:\/\/escuelamanuelbelgrano.com.ar\/site\/wp-content\/uploads\/2025\/05\/2-300x169.png\" class=\"attachment-medium size-medium wp-image-353\" alt=\"\" srcset=\"https:\/\/escuelamanuelbelgrano.com.ar\/site\/wp-content\/uploads\/2025\/05\/2-300x169.png 300w, https:\/\/escuelamanuelbelgrano.com.ar\/site\/wp-content\/uploads\/2025\/05\/2-1024x576.png 1024w, https:\/\/escuelamanuelbelgrano.com.ar\/site\/wp-content\/uploads\/2025\/05\/2-768x432.png 768w, https:\/\/escuelamanuelbelgrano.com.ar\/site\/wp-content\/uploads\/2025\/05\/2-1536x864.png 1536w, https:\/\/escuelamanuelbelgrano.com.ar\/site\/wp-content\/uploads\/2025\/05\/2.png 1920w\" sizes=\"(max-width: 300px) 100vw, 300px\" \/><\/div><\/a>\n\t\t\t\t<div class=\"elementor-post__badge\">Primaria<\/div>\n\t\t\t\t<div class=\"elementor-post__text\">\n\t\t\t\t<h3 class=\"elementor-post__title\">\n\t\t\t<a href=\"https:\/\/escuelamanuelbelgrano.com.ar\/site\/comienzo-del-periodo-de-intensificacion-de-aprendizajes\/\" >\n\t\t\t\tCOMIENZO DEL PERIODO DE INTENSIFICACI\u00d3N DE APRENDIZAJES NIVEL PRIMARIO\t\t\t<\/a>\n\t\t<\/h3>\n\t\t\t\t<div class=\"elementor-post__excerpt\">\n\t\t\t<p>18 DE FEBRERO TURNO MA\u00d1ANA &nbsp;8:00 HORAS TURNO TARDE 13:00 &nbsp;HORAS<\/p>\n\t\t<\/div>\n\t\t\n\t\t<a class=\"elementor-post__read-more\" href=\"https:\/\/escuelamanuelbelgrano.com.ar\/site\/comienzo-del-periodo-de-intensificacion-de-aprendizajes\/\" aria-label=\"Read more about COMIENZO DEL PERIODO DE INTENSIFICACI\u00d3N DE APRENDIZAJES NIVEL PRIMARIO\" tabindex=\"-1\" >\n\t\t\tLeer mas\u00bb\t\t<\/a>\n\n\t\t\t\t<\/div>\n\t\t\t\t<div class=\"elementor-post__meta-data\">\n\t\t\t\t\t<span class=\"elementor-post-date\">\n\t\t\t09\/02\/2026\t\t<\/span>\n\t\t\t\t<span class=\"elementor-post-avatar\">\n\t\t\tNo hay comentarios\t\t<\/span>\n\t\t\t\t<\/div>\n\t\t\t\t\t<\/div>\n\t\t<\/article>\n\t\t\t\t<article class=\"elementor-post elementor-grid-item post-1031 post type-post status-publish format-standard has-post-thumbnail hentry category-primaria\">\n\t\t\t<div class=\"elementor-post__card\">\n\t\t\t\t<a class=\"elementor-post__thumbnail__link\" href=\"https:\/\/escuelamanuelbelgrano.com.ar\/site\/reuniones-de-padres-nivel-primario\/\" tabindex=\"-1\" ><div class=\"elementor-post__thumbnail\"><img decoding=\"async\" width=\"300\" height=\"300\" src=\"https:\/\/escuelamanuelbelgrano.com.ar\/site\/wp-content\/uploads\/2025\/04\/comunicado2-300x300.png\" class=\"attachment-medium size-medium wp-image-171\" alt=\"\" srcset=\"https:\/\/escuelamanuelbelgrano.com.ar\/site\/wp-content\/uploads\/2025\/04\/comunicado2-300x300.png 300w, https:\/\/escuelamanuelbelgrano.com.ar\/site\/wp-content\/uploads\/2025\/04\/comunicado2-150x150.png 150w, https:\/\/escuelamanuelbelgrano.com.ar\/site\/wp-content\/uploads\/2025\/04\/comunicado2-768x768.png 768w, https:\/\/escuelamanuelbelgrano.com.ar\/site\/wp-content\/uploads\/2025\/04\/comunicado2.png 1024w\" sizes=\"(max-width: 300px) 100vw, 300px\" \/><\/div><\/a>\n\t\t\t\t<div class=\"elementor-post__badge\">Primaria<\/div>\n\t\t\t\t<div class=\"elementor-post__text\">\n\t\t\t\t<h3 class=\"elementor-post__title\">\n\t\t\t<a href=\"https:\/\/escuelamanuelbelgrano.com.ar\/site\/reuniones-de-padres-nivel-primario\/\" >\n\t\t\t\tREUNIONES DE PADRES NIVEL PRIMARIO\t\t\t<\/a>\n\t\t<\/h3>\n\t\t\t\t<div class=\"elementor-post__excerpt\">\n\t\t\t<p>FEBRERO 2026 PRIMER GRADO: Mi\u00e9rcoles &nbsp;18 &#8211; &nbsp;8:30 hs SEGUNDO GRADO: &nbsp;Jueves 19 &#8211; &nbsp;8:30 TM \u2013 13 TT TERCER GRADO: Viernes 20 &#8211; 8:30 TM \u2013 13 TT CUARTO GRADO : Lunes 23 &#8211; 8:30 TM \u2013 13 TT QUINTO Y SEXTO GRADO&nbsp; : Martes 24 -8:30 TM \u2013<\/p>\n\t\t<\/div>\n\t\t\n\t\t<a class=\"elementor-post__read-more\" href=\"https:\/\/escuelamanuelbelgrano.com.ar\/site\/reuniones-de-padres-nivel-primario\/\" aria-label=\"Read more about REUNIONES DE PADRES NIVEL PRIMARIO\" tabindex=\"-1\" >\n\t\t\tLeer mas\u00bb\t\t<\/a>\n\n\t\t\t\t<\/div>\n\t\t\t\t<div class=\"elementor-post__meta-data\">\n\t\t\t\t\t<span class=\"elementor-post-date\">\n\t\t\t09\/02\/2026\t\t<\/span>\n\t\t\t\t<span class=\"elementor-post-avatar\">\n\t\t\tNo hay comentarios\t\t<\/span>\n\t\t\t\t<\/div>\n\t\t\t\t\t<\/div>\n\t\t<\/article>\n\t\t\t\t<article class=\"elementor-post elementor-grid-item post-1024 post type-post status-publish format-standard has-post-thumbnail hentry category-secundaria category-sin-categoria\">\n\t\t\t<div class=\"elementor-post__card\">\n\t\t\t\t<a class=\"elementor-post__thumbnail__link\" href=\"https:\/\/escuelamanuelbelgrano.com.ar\/site\/reuniones-de-familias-por-cursos-nivel-secundario\/\" tabindex=\"-1\" ><div class=\"elementor-post__thumbnail\"><img decoding=\"async\" width=\"300\" height=\"300\" src=\"https:\/\/escuelamanuelbelgrano.com.ar\/site\/wp-content\/uploads\/2025\/04\/comunicado2-300x300.png\" class=\"attachment-medium size-medium wp-image-171\" alt=\"\" srcset=\"https:\/\/escuelamanuelbelgrano.com.ar\/site\/wp-content\/uploads\/2025\/04\/comunicado2-300x300.png 300w, https:\/\/escuelamanuelbelgrano.com.ar\/site\/wp-content\/uploads\/2025\/04\/comunicado2-150x150.png 150w, https:\/\/escuelamanuelbelgrano.com.ar\/site\/wp-content\/uploads\/2025\/04\/comunicado2-768x768.png 768w, https:\/\/escuelamanuelbelgrano.com.ar\/site\/wp-content\/uploads\/2025\/04\/comunicado2.png 1024w\" sizes=\"(max-width: 300px) 100vw, 300px\" \/><\/div><\/a>\n\t\t\t\t<div class=\"elementor-post__badge\">Secundaria<\/div>\n\t\t\t\t<div class=\"elementor-post__text\">\n\t\t\t\t<h3 class=\"elementor-post__title\">\n\t\t\t<a href=\"https:\/\/escuelamanuelbelgrano.com.ar\/site\/reuniones-de-familias-por-cursos-nivel-secundario\/\" >\n\t\t\t\tREUNIONES DE FAMILIAS POR CURSOS                    NIVEL SECUNDARIO\t\t\t<\/a>\n\t\t<\/h3>\n\t\t\t\t<div class=\"elementor-post__excerpt\">\n\t\t\t<p>Estimadas familias los invitamos a nuestra primera reuni\u00f3n de padres de este 2026 1er a\u00f1o: el 20\/02 a las 9 hs. 2do a\u00f1o: 20\/2 a las 10:45 hs. 3er a\u00f1o: el 19\/02 a las 9 hs. 4to a\u00f1o: 19\/02 a las 10:45 hs. 5to a\u00f1o: el 11\/02 a las 9<\/p>\n\t\t<\/div>\n\t\t\n\t\t<a class=\"elementor-post__read-more\" href=\"https:\/\/escuelamanuelbelgrano.com.ar\/site\/reuniones-de-familias-por-cursos-nivel-secundario\/\" aria-label=\"Read more about REUNIONES DE FAMILIAS POR CURSOS                    NIVEL SECUNDARIO\" tabindex=\"-1\" >\n\t\t\tLeer mas\u00bb\t\t<\/a>\n\n\t\t\t\t<\/div>\n\t\t\t\t<div class=\"elementor-post__meta-data\">\n\t\t\t\t\t<span class=\"elementor-post-date\">\n\t\t\t09\/02\/2026\t\t<\/span>\n\t\t\t\t<span class=\"elementor-post-avatar\">\n\t\t\tNo hay comentarios\t\t<\/span>\n\t\t\t\t<\/div>\n\t\t\t\t\t<\/div>\n\t\t<\/article>\n\t\t\t\t<article class=\"elementor-post elementor-grid-item post-973 post type-post status-publish format-standard has-post-thumbnail hentry category-primaria\">\n\t\t\t<div class=\"elementor-post__card\">\n\t\t\t\t<a class=\"elementor-post__thumbnail__link\" href=\"https:\/\/escuelamanuelbelgrano.com.ar\/site\/lista-de-materiales-primaria-2026\/\" tabindex=\"-1\" ><div class=\"elementor-post__thumbnail\"><img loading=\"lazy\" decoding=\"async\" width=\"300\" height=\"300\" src=\"https:\/\/escuelamanuelbelgrano.com.ar\/site\/wp-content\/uploads\/2026\/01\/Gemini_Generated_Image_ynsvvuynsvvuynsv-300x300.png\" class=\"attachment-medium size-medium wp-image-974\" alt=\"\" srcset=\"https:\/\/escuelamanuelbelgrano.com.ar\/site\/wp-content\/uploads\/2026\/01\/Gemini_Generated_Image_ynsvvuynsvvuynsv-300x300.png 300w, https:\/\/escuelamanuelbelgrano.com.ar\/site\/wp-content\/uploads\/2026\/01\/Gemini_Generated_Image_ynsvvuynsvvuynsv-150x150.png 150w, https:\/\/escuelamanuelbelgrano.com.ar\/site\/wp-content\/uploads\/2026\/01\/Gemini_Generated_Image_ynsvvuynsvvuynsv-768x768.png 768w, https:\/\/escuelamanuelbelgrano.com.ar\/site\/wp-content\/uploads\/2026\/01\/Gemini_Generated_Image_ynsvvuynsvvuynsv.png 1024w\" sizes=\"(max-width: 300px) 100vw, 300px\" \/><\/div><\/a>\n\t\t\t\t<div class=\"elementor-post__badge\">Primaria<\/div>\n\t\t\t\t<div class=\"elementor-post__text\">\n\t\t\t\t<h3 class=\"elementor-post__title\">\n\t\t\t<a href=\"https:\/\/escuelamanuelbelgrano.com.ar\/site\/lista-de-materiales-primaria-2026\/\" >\n\t\t\t\tLista de Materiales Primaria 2026\t\t\t<\/a>\n\t\t<\/h3>\n\t\t\t\t<div class=\"elementor-post__excerpt\">\n\t\t\t\t\t<\/div>\n\t\t\n\t\t<a class=\"elementor-post__read-more\" href=\"https:\/\/escuelamanuelbelgrano.com.ar\/site\/lista-de-materiales-primaria-2026\/\" aria-label=\"Read more about Lista de Materiales Primaria 2026\" tabindex=\"-1\" >\n\t\t\tLeer mas\u00bb\t\t<\/a>\n\n\t\t\t\t<\/div>\n\t\t\t\t<div class=\"elementor-post__meta-data\">\n\t\t\t\t\t<span class=\"elementor-post-date\">\n\t\t\t05\/01\/2026\t\t<\/span>\n\t\t\t\t<span class=\"elementor-post-avatar\">\n\t\t\tNo hay comentarios\t\t<\/span>\n\t\t\t\t<\/div>\n\t\t\t\t\t<\/div>\n\t\t<\/article>\n\t\t\t\t<article class=\"elementor-post elementor-grid-item post-908 post type-post status-publish format-standard has-post-thumbnail hentry category-inicial category-primaria category-secundaria\">\n\t\t\t<div class=\"elementor-post__card\">\n\t\t\t\t<a class=\"elementor-post__thumbnail__link\" href=\"https:\/\/escuelamanuelbelgrano.com.ar\/site\/informacion-para-egresados-anteriores-al-ciclo-2025\/\" tabindex=\"-1\" ><div class=\"elementor-post__thumbnail\"><img decoding=\"async\" width=\"300\" height=\"300\" src=\"https:\/\/escuelamanuelbelgrano.com.ar\/site\/wp-content\/uploads\/2025\/04\/comunicado2-300x300.png\" class=\"attachment-medium size-medium wp-image-171\" alt=\"\" srcset=\"https:\/\/escuelamanuelbelgrano.com.ar\/site\/wp-content\/uploads\/2025\/04\/comunicado2-300x300.png 300w, https:\/\/escuelamanuelbelgrano.com.ar\/site\/wp-content\/uploads\/2025\/04\/comunicado2-150x150.png 150w, https:\/\/escuelamanuelbelgrano.com.ar\/site\/wp-content\/uploads\/2025\/04\/comunicado2-768x768.png 768w, https:\/\/escuelamanuelbelgrano.com.ar\/site\/wp-content\/uploads\/2025\/04\/comunicado2.png 1024w\" sizes=\"(max-width: 300px) 100vw, 300px\" \/><\/div><\/a>\n\t\t\t\t<div class=\"elementor-post__badge\">Inicial<\/div>\n\t\t\t\t<div class=\"elementor-post__text\">\n\t\t\t\t<h3 class=\"elementor-post__title\">\n\t\t\t<a href=\"https:\/\/escuelamanuelbelgrano.com.ar\/site\/informacion-para-egresados-anteriores-al-ciclo-2025\/\" >\n\t\t\t\tEgresados anteriores al 2025\t\t\t<\/a>\n\t\t<\/h3>\n\t\t\t\t<div class=\"elementor-post__excerpt\">\n\t\t\t<p>Se informa a los egresados anteriores al ciclo 2025 que PARA SOLICITAR MESA DE COMPLETA CARRERA DEBER\u00c1N OBLIGATORIAMENTE enviar mail con las materias que solicitan dar a secundaria@colegiomanuelbelgrano.com.ar<\/p>\t\t<\/div>\n\t\t\n\t\t<a class=\"elementor-post__read-more\" href=\"https:\/\/escuelamanuelbelgrano.com.ar\/site\/informacion-para-egresados-anteriores-al-ciclo-2025\/\" aria-label=\"Read more about Egresados anteriores al 2025\" tabindex=\"-1\" >\n\t\t\tLeer mas\u00bb\t\t<\/a>\n\n\t\t\t\t<\/div>\n\t\t\t\t<div class=\"elementor-post__meta-data\">\n\t\t\t\t\t<span class=\"elementor-post-date\">\n\t\t\t30\/12\/2025\t\t<\/span>\n\t\t\t\t<span class=\"elementor-post-avatar\">\n\t\t\tNo hay comentarios\t\t<\/span>\n\t\t\t\t<\/div>\n\t\t\t\t\t<\/div>\n\t\t<\/article>\n\t\t\t\t<article class=\"elementor-post elementor-grid-item post-906 post type-post status-publish format-standard has-post-thumbnail hentry category-secundaria\">\n\t\t\t<div class=\"elementor-post__card\">\n\t\t\t\t<a class=\"elementor-post__thumbnail__link\" href=\"https:\/\/escuelamanuelbelgrano.com.ar\/site\/aviso-secundaria\/\" tabindex=\"-1\" ><div class=\"elementor-post__thumbnail\"><img loading=\"lazy\" decoding=\"async\" width=\"300\" height=\"169\" src=\"https:\/\/escuelamanuelbelgrano.com.ar\/site\/wp-content\/uploads\/2025\/05\/1-300x169.png\" class=\"attachment-medium size-medium wp-image-352\" alt=\"\" srcset=\"https:\/\/escuelamanuelbelgrano.com.ar\/site\/wp-content\/uploads\/2025\/05\/1-300x169.png 300w, https:\/\/escuelamanuelbelgrano.com.ar\/site\/wp-content\/uploads\/2025\/05\/1-1024x576.png 1024w, https:\/\/escuelamanuelbelgrano.com.ar\/site\/wp-content\/uploads\/2025\/05\/1-768x432.png 768w, https:\/\/escuelamanuelbelgrano.com.ar\/site\/wp-content\/uploads\/2025\/05\/1-1536x864.png 1536w, https:\/\/escuelamanuelbelgrano.com.ar\/site\/wp-content\/uploads\/2025\/05\/1.png 1920w\" sizes=\"(max-width: 300px) 100vw, 300px\" \/><\/div><\/a>\n\t\t\t\t<div class=\"elementor-post__badge\">Secundaria<\/div>\n\t\t\t\t<div class=\"elementor-post__text\">\n\t\t\t\t<h3 class=\"elementor-post__title\">\n\t\t\t<a href=\"https:\/\/escuelamanuelbelgrano.com.ar\/site\/aviso-secundaria\/\" >\n\t\t\t\tAviso Secundaria\t\t\t<\/a>\n\t\t<\/h3>\n\t\t\t\t<div class=\"elementor-post__excerpt\">\n\t\t\t<p>Estimadas familias: Informamos que la atenci\u00f3n administrativa de Secundario es a partir del 11\/02\/2026 en el horario de 8:00 a 12: Los alumnos NO PUEDEN RETIRARSE SOLOS, deben hacerlo con adulto AUTORIZADO Les deseamos a todas las familias tengan&nbsp; un hermoso fin de a\u00f1o y un mejor comienzo. INFORMAREMOS OPORTUNAMENTE<\/p>\n\t\t<\/div>\n\t\t\n\t\t<a class=\"elementor-post__read-more\" href=\"https:\/\/escuelamanuelbelgrano.com.ar\/site\/aviso-secundaria\/\" aria-label=\"Read more about Aviso Secundaria\" tabindex=\"-1\" >\n\t\t\tLeer mas\u00bb\t\t<\/a>\n\n\t\t\t\t<\/div>\n\t\t\t\t<div class=\"elementor-post__meta-data\">\n\t\t\t\t\t<span class=\"elementor-post-date\">\n\t\t\t30\/12\/2025\t\t<\/span>\n\t\t\t\t<span class=\"elementor-post-avatar\">\n\t\t\tNo hay comentarios\t\t<\/span>\n\t\t\t\t<\/div>\n\t\t\t\t\t<\/div>\n\t\t<\/article>\n\t\t\t\t<article class=\"elementor-post elementor-grid-item post-899 post type-post status-publish format-standard has-post-thumbnail hentry category-inicial category-sin-categoria\">\n\t\t\t<div class=\"elementor-post__card\">\n\t\t\t\t<a class=\"elementor-post__thumbnail__link\" href=\"https:\/\/escuelamanuelbelgrano.com.ar\/site\/lista-de-materiales-jardin-2026\/\" tabindex=\"-1\" ><div class=\"elementor-post__thumbnail\"><img loading=\"lazy\" decoding=\"async\" width=\"300\" height=\"300\" src=\"https:\/\/escuelamanuelbelgrano.com.ar\/site\/wp-content\/uploads\/2025\/12\/Gemini_Generated_Image_hyeas2hyeas2hyea-300x300.png\" class=\"attachment-medium size-medium wp-image-1002\" alt=\"\" srcset=\"https:\/\/escuelamanuelbelgrano.com.ar\/site\/wp-content\/uploads\/2025\/12\/Gemini_Generated_Image_hyeas2hyeas2hyea-300x300.png 300w, https:\/\/escuelamanuelbelgrano.com.ar\/site\/wp-content\/uploads\/2025\/12\/Gemini_Generated_Image_hyeas2hyeas2hyea-150x150.png 150w, https:\/\/escuelamanuelbelgrano.com.ar\/site\/wp-content\/uploads\/2025\/12\/Gemini_Generated_Image_hyeas2hyeas2hyea-768x768.png 768w, https:\/\/escuelamanuelbelgrano.com.ar\/site\/wp-content\/uploads\/2025\/12\/Gemini_Generated_Image_hyeas2hyeas2hyea.png 1024w\" sizes=\"(max-width: 300px) 100vw, 300px\" \/><\/div><\/a>\n\t\t\t\t<div class=\"elementor-post__badge\">Inicial<\/div>\n\t\t\t\t<div class=\"elementor-post__text\">\n\t\t\t\t<h3 class=\"elementor-post__title\">\n\t\t\t<a href=\"https:\/\/escuelamanuelbelgrano.com.ar\/site\/lista-de-materiales-jardin-2026\/\" >\n\t\t\t\tLista de Materiales Jard\u00edn 2026\t\t\t<\/a>\n\t\t<\/h3>\n\t\t\t\t<div class=\"elementor-post__excerpt\">\n\t\t\t\t\t<\/div>\n\t\t\n\t\t<a class=\"elementor-post__read-more\" href=\"https:\/\/escuelamanuelbelgrano.com.ar\/site\/lista-de-materiales-jardin-2026\/\" aria-label=\"Read more about Lista de Materiales Jard\u00edn 2026\" tabindex=\"-1\" >\n\t\t\tLeer mas\u00bb\t\t<\/a>\n\n\t\t\t\t<\/div>\n\t\t\t\t<div class=\"elementor-post__meta-data\">\n\t\t\t\t\t<span class=\"elementor-post-date\">\n\t\t\t29\/12\/2025\t\t<\/span>\n\t\t\t\t<span class=\"elementor-post-avatar\">\n\t\t\tNo hay comentarios\t\t<\/span>\n\t\t\t\t<\/div>\n\t\t\t\t\t<\/div>\n\t\t<\/article>\n\t\t\t\t<article class=\"elementor-post elementor-grid-item post-769 post type-post status-publish format-standard has-post-thumbnail hentry category-sin-categoria\">\n\t\t\t<div class=\"elementor-post__card\">\n\t\t\t\t<a class=\"elementor-post__thumbnail__link\" href=\"https:\/\/escuelamanuelbelgrano.com.ar\/site\/colegio-para-las-familias\/\" tabindex=\"-1\" ><div class=\"elementor-post__thumbnail\"><img loading=\"lazy\" decoding=\"async\" width=\"300\" height=\"197\" src=\"https:\/\/escuelamanuelbelgrano.com.ar\/site\/wp-content\/uploads\/2025\/10\/Captura-de-tela-2025-10-14-235131-300x197.png\" class=\"attachment-medium size-medium wp-image-771\" alt=\"\" srcset=\"https:\/\/escuelamanuelbelgrano.com.ar\/site\/wp-content\/uploads\/2025\/10\/Captura-de-tela-2025-10-14-235131-300x197.png 300w, https:\/\/escuelamanuelbelgrano.com.ar\/site\/wp-content\/uploads\/2025\/10\/Captura-de-tela-2025-10-14-235131.png 416w\" sizes=\"(max-width: 300px) 100vw, 300px\" \/><\/div><\/a>\n\t\t\t\t<div class=\"elementor-post__badge\">Sin categor\u00eda<\/div>\n\t\t\t\t<div class=\"elementor-post__text\">\n\t\t\t\t<h3 class=\"elementor-post__title\">\n\t\t\t<a href=\"https:\/\/escuelamanuelbelgrano.com.ar\/site\/colegio-para-las-familias\/\" >\n\t\t\t\tColegio para las familias\t\t\t<\/a>\n\t\t<\/h3>\n\t\t\t\t<div class=\"elementor-post__excerpt\">\n\t\t\t\t\t<\/div>\n\t\t\n\t\t<a class=\"elementor-post__read-more\" href=\"https:\/\/escuelamanuelbelgrano.com.ar\/site\/colegio-para-las-familias\/\" aria-label=\"Read more about Colegio para las familias\" tabindex=\"-1\" >\n\t\t\tLeer mas\u00bb\t\t<\/a>\n\n\t\t\t\t<\/div>\n\t\t\t\t<div class=\"elementor-post__meta-data\">\n\t\t\t\t\t<span class=\"elementor-post-date\">\n\t\t\t14\/10\/2025\t\t<\/span>\n\t\t\t\t<span class=\"elementor-post-avatar\">\n\t\t\tNo hay comentarios\t\t<\/span>\n\t\t\t\t<\/div>\n\t\t\t\t\t<\/div>\n\t\t<\/article>\n\t\t\t\t<\/div>\n\t\t\n\t\t\t\t\t\t<\/div>\n\t\t\t\t<\/div>\n\t\t\t\t<\/div>\n\t\t\t\t\t<\/div>\n\t\t\t\t<\/div>\n\t\t\t\t<\/div>\n\t\t","protected":false},"excerpt":{"rendered":"<p>Tel\u00e9fono: 11-4738-2224 | WhatsApp: 11-5737-6022 Email: info@colegiomanuelbelgrano.com NIVEL INICIAL Aprender jugando RESERVA DE VACANTES BENEFICIOS BECAS Y BONIFICACIONES DEL 10% AL 100% Condiciones clica aqui 3 NIVELES INICIAL, PRIMARIA Y SECUNDARIA RESERVA DE VACANTES ACTIVIDAD F\u00cdSICA RESERVA DE VACANTES COLEGIO MANUEL BELGRANO RESERVA DE VACANTES COMEDOR ESCOLAR RESERVA DE VACANTES Como llego? Haz clic aqu\u00ed [&hellip;]<\/p>\n","protected":false},"author":2,"featured_media":0,"parent":0,"menu_order":0,"comment_status":"closed","ping_status":"closed","template":"elementor_theme","meta":{"_eb_attr":"","footnotes":""},"class_list":["post-27","page","type-page","status-publish","hentry"],"_links":{"self":[{"href":"https:\/\/escuelamanuelbelgrano.com.ar\/site\/wp-json\/wp\/v2\/pages\/27","targetHints":{"allow":["GET"]}}],"collection":[{"href":"https:\/\/escuelamanuelbelgrano.com.ar\/site\/wp-json\/wp\/v2\/pages"}],"about":[{"href":"https:\/\/escuelamanuelbelgrano.com.ar\/site\/wp-json\/wp\/v2\/types\/page"}],"author":[{"embeddable":true,"href":"https:\/\/escuelamanuelbelgrano.com.ar\/site\/wp-json\/wp\/v2\/users\/2"}],"replies":[{"embeddable":true,"href":"https:\/\/escuelamanuelbelgrano.com.ar\/site\/wp-json\/wp\/v2\/comments?post=27"}],"version-history":[{"count":234,"href":"https:\/\/escuelamanuelbelgrano.com.ar\/site\/wp-json\/wp\/v2\/pages\/27\/revisions"}],"predecessor-version":[{"id":1207,"href":"https:\/\/escuelamanuelbelgrano.com.ar\/site\/wp-json\/wp\/v2\/pages\/27\/revisions\/1207"}],"wp:attachment":[{"href":"https:\/\/escuelamanuelbelgrano.com.ar\/site\/wp-json\/wp\/v2\/media?parent=27"}],"curies":[{"name":"wp","href":"https:\/\/api.w.org\/{rel}","templated":true}]}}